{"id":71,"date":"2022-11-26T19:19:04","date_gmt":"2022-11-26T18:19:04","guid":{"rendered":"http:\/\/www.3emerive.fr\/?page_id=71"},"modified":"2023-03-16T18:01:16","modified_gmt":"2023-03-16T17:01:16","slug":"a-propos-de-3-eme-rive","status":"publish","type":"page","link":"https:\/\/www.3emerive.fr\/?page_id=71","title":{"rendered":"A Propos de 3\u00e9me rive"},"content":{"rendered":"<div class=\"post-content\">\n<p><strong>Votre caf\u00e9 associatif 3\u00e8me Rive vous accueille au local Ailleurs,<\/strong> <strong>15 rue Mar\u00e9chal Lyautey \u00e0 \u00c9pinal<\/strong><\/p>\n<p><strong>! Entr\u00e9e libre !<\/strong><\/p>\n<p><strong>&#8211;&gt; Les Samedis de 14h00 \u00e0 19h00<\/strong><\/p>\n<p><strong>Une buvette est \u00e0 votre disposition : notre principale source de revenu \u2026<\/strong><\/p>\n<p><strong>Des animations imagin\u00e9es par VOUS, Habitant-e-s, Associations, Commer\u00e7ant-e-s, Artistes, Etc \u2026<\/strong><\/p>\n<p>Conf\u00e9rences, d\u00e9bats, ateliers divers, jeux divers et vari\u00e9s, jeux d\u2019arcade, rencontres, musique, piano, danser, partager, tisser des liens entre associations, entre citoyen-ne-s, r\u00e9parer, apprendre, \u00e9changer, chanter, tricoter, proposer, bo\u00eete \u00e0 livres, participer, \u2026<\/p>\n<p><strong>! Inventez le programme qui vous convient !<\/strong><\/p>\n<p>Venez vous renseigner, proposer votre aide, une id\u00e9e, une animation, ou venez simplement d\u00e9couvrir ce lieu qui vous est d\u00e9di\u00e9.<\/p>\n<p>Vous pouvez proposer vos id\u00e9es et\/ou un coup de main aux b\u00e9n\u00e9voles de l\u2019association.<\/p>\n<p><strong>Contact :<\/strong><\/p>\n<p><strong>par mail : <a href=\"https:\/\/www.3eme-rive.org\/_pages\/contact@3eme-rive.org\">contact@3emerive.fr<\/a><\/strong><\/p>\n<p><strong>par messenger depuis la page Facebook : <a href=\"https:\/\/www.facebook.com\/cafeasso\">https:\/\/www.facebook.com\/cafeasso<\/a><\/strong><\/p>\n<h2 id=\"a-lorigine\">A l\u2019origine<\/h2>\n<p>Depuis 3 ans, l\u2019association \u00c9pinal En Transition impulse sur le territoire d\u2019Epinal, par ses actions, une d\u00e9marche de transition vers une soci\u00e9t\u00e9 solidaire et durable. Si ces actions f\u00e9d\u00e8rent peu \u00e0 peu un nombre croissant d\u2019acteurs et d\u2019individus, elles sont ponctuelles et ne s\u2019inscrivent pas dans un lieu pr\u00e9cis. Le besoin d\u2019inscrire tout ou partie des activit\u00e9s d\u2019Epinal en Transition entre quatre murs est pr\u00e9sent depuis de nombreux mois.<\/p>\n<p>Rapidement pourtant, la d\u00e9finition de ce besoin \u00e9volue et s\u2019\u00e9mancipe d\u2019Epinal en Transition. L\u2019envie qui \u00e9merge est celle de monter un lieu rassembleur, qui favorise l\u2019implication, l\u2019autonomie et les initiatives collectives.<\/p>\n<h2 id=\"pourquoi-un-caf\u00e9-associatif-\">Pourquoi un caf\u00e9 associatif ?<\/h2>\n<p>Derri\u00e8re le concept de caf\u00e9 associatif, on retrouve l\u2019id\u00e9e d\u2019une aventure collective d\u2019int\u00e9r\u00eat g\u00e9n\u00e9ral.<\/p>\n<p>Un caf\u00e9 associatif, c\u2019est autant un lieu de rencontre et de convivialit\u00e9 qu\u2019un endroit o\u00f9 faire \u00e9merger des initiatives et mener des projets. C\u2019est un lieu de croisement entre associations et citoyen-ne-s pour avancer, proposer, agir\u2026 ensemble. C\u2019est le cadre id\u00e9al pour mettre en pratique des principes d\u2019implication, d\u2019autonomie, de faire soi-m\u00eame et ensemble.<\/p>\n<h2 id=\"les-objectifs\">Les objectifs<\/h2>\n<ul>\n<li>Donner \u00e0 chacun-e un endroit o\u00f9 il-elle peut s\u2019exprimer, cr\u00e9er, partager, transmettre, \u00e9changer, grandir.<\/li>\n<li>Soutenir chacun-e dans sa d\u00e9marche d\u2019\u00a0\u00ab\u00a0acteur\u00a0\u00bb.<\/li>\n<li>Rassembler et soutenir les diff\u00e9rentes initiatives ayant un lien avec la transition, le mieux vivre ensemble et l\u2019\u00e9change.<\/li>\n<li>Rassembler et relier les associations et les citoyen-ne-s ayant un objectif commun dans une d\u00e9marche sociale et durable.<\/li>\n<li>Faire conna\u00eetre les alternatives citoyennes, solidaires et durables au plus grand nombre.<\/li>\n<li>Favoriser et valoriser une d\u00e9marche responsable\u00a0au sein du caf\u00e9 : circuits courts, mat\u00e9riaux, mat\u00e9riel d\u2019occasion, tri, alimentation, \u00e9nergie\u2026<\/li>\n<li>Animer le centre ville d\u2019Epinal par une initiative conviviale.<\/li>\n<\/ul>\n<\/div>\n","protected":false},"excerpt":{"rendered":"<p>Votre caf\u00e9 associatif 3\u00e8me Rive vous accueille au local Ailleurs, 15 rue Mar\u00e9chal Lyautey \u00e0 \u00c9pinal ! Entr\u00e9e libre ! &#8211;&gt; Les Samedis de 14h00 \u00e0 19h00 Une buvette est \u00e0 votre disposition : notre principale source de revenu \u2026 Des animations imagin\u00e9es par VOUS, Habitant-e-s, Associations, Commer\u00e7ant-e-s, Artistes, Etc \u2026 Conf\u00e9rences, d\u00e9bats, ateliers divers, [&hellip;]<\/p>\n","protected":false},"author":1,"featured_media":0,"parent":0,"menu_order":0,"comment_status":"closed","ping_status":"closed","template":"","meta":{"_themeisle_gutenberg_block_has_review":false,"footnotes":""},"class_list":["post-71","page","type-page","status-publish","hentry"],"blocksy_meta":{"styles_descriptor":{"styles":{"desktop":"","tablet":"","mobile":""},"google_fonts":[],"version":6}},"jetpack_sharing_enabled":true,"_links":{"self":[{"href":"https:\/\/www.3emerive.fr\/index.php?rest_route=\/wp\/v2\/pages\/71","targetHints":{"allow":["GET"]}}],"collection":[{"href":"https:\/\/www.3emerive.fr\/index.php?rest_route=\/wp\/v2\/pages"}],"about":[{"href":"https:\/\/www.3emerive.fr\/index.php?rest_route=\/wp\/v2\/types\/page"}],"author":[{"embeddable":true,"href":"https:\/\/www.3emerive.fr\/index.php?rest_route=\/wp\/v2\/users\/1"}],"replies":[{"embeddable":true,"href":"https:\/\/www.3emerive.fr\/index.php?rest_route=%2Fwp%2Fv2%2Fcomments&post=71"}],"version-history":[{"count":5,"href":"https:\/\/www.3emerive.fr\/index.php?rest_route=\/wp\/v2\/pages\/71\/revisions"}],"predecessor-version":[{"id":670,"href":"https:\/\/www.3emerive.fr\/index.php?rest_route=\/wp\/v2\/pages\/71\/revisions\/670"}],"wp:attachment":[{"href":"https:\/\/www.3emerive.fr\/index.php?rest_route=%2Fwp%2Fv2%2Fmedia&parent=71"}],"curies":[{"name":"wp","href":"https:\/\/api.w.org\/{rel}","templated":true}]}}