{"id":67,"date":"2022-11-26T19:17:11","date_gmt":"2022-11-26T18:17:11","guid":{"rendered":"http:\/\/www.3emerive.fr\/?page_id=67"},"modified":"2023-01-24T14:12:19","modified_gmt":"2023-01-24T13:12:19","slug":"2020-2","status":"publish","type":"page","link":"https:\/\/www.3emerive.fr\/?page_id=67","title":{"rendered":"2020"},"content":{"rendered":"\n<div class=\"wp-block-stackable-posts stk-block-posts stk-block stk-a550bdc is-style-default\" data-block-id=\"a550bdc\"><style>.stk-a550bdc-container .stk-img-wrapper{width:100% !important}<\/style><div class=\"stk-inner-blocks stk-content-align stk-a550bdc-column\"><div class=\"stk-block-posts__items\"><div class=\"stk-block-posts__item\"><div class=\"stk-container stk-a550bdc-container stk--no-background stk--no-padding\"><article><h3 class=\"stk-block-posts__title\"><a href='https:\/\/www.3emerive.fr\/?p=417'>Bonnes f\u00eates de fin d&#039;ann\u00e9e ! ! !<\/a><\/h3><a href=\"https:\/\/www.3emerive.fr\/?p=417\" class=\"stk-block-posts__image-link\"><\/a><div class=\"stk-block-posts__excerpt\"><p>Les b\u00e9n\u00e9voles de 3\u00e8me Rive vous souhaitent de bonnes f\u00eates !<\/p>\n<\/div><a class=\"stk-block-posts__readmore\" href=\"https:\/\/www.3emerive.fr\/?p=417\">Continuer \u00e0 lire<\/a><\/article><\/div><\/div><div class=\"stk-block-posts__item\"><div class=\"stk-container stk-a550bdc-container stk--no-background stk--no-padding\"><article><h3 class=\"stk-block-posts__title\"><a href='https:\/\/www.3emerive.fr\/?p=415'>Que se passe-t-il &quot;Ailleurs&quot; ? En visio, ou pas<\/a><\/h3><a href=\"https:\/\/www.3emerive.fr\/?p=415\" class=\"stk-block-posts__image-link\"><\/a><div class=\"stk-block-posts__excerpt\"><p>Demandez le programme ! https:\/\/nuage.epinal-en-transition.fr\/index.php\/s\/qaWBHpQRWPY9wTE<\/p>\n<\/div><a class=\"stk-block-posts__readmore\" href=\"https:\/\/www.3emerive.fr\/?p=415\">Continuer \u00e0 lire<\/a><\/article><\/div><\/div><div class=\"stk-block-posts__item\"><div class=\"stk-container stk-a550bdc-container stk--no-background stk--no-padding\"><article><h3 class=\"stk-block-posts__title\"><a href='https:\/\/www.3emerive.fr\/?p=412'>Que se passe-t-il &quot;Ailleurs&quot; ? En visio, ou pas<\/a><\/h3><a href=\"https:\/\/www.3emerive.fr\/?p=412\" class=\"stk-block-posts__image-link\"><\/a><div class=\"stk-block-posts__excerpt\"><p>Demandez le programme ! https:\/\/nuage.epinal-en-transition.fr\/index.php\/s\/qaWBHpQRWPY9wTE<\/p>\n<\/div><a class=\"stk-block-posts__readmore\" href=\"https:\/\/www.3emerive.fr\/?p=412\">Continuer \u00e0 lire<\/a><\/article><\/div><\/div><div class=\"stk-block-posts__item\"><div class=\"stk-container stk-a550bdc-container stk--no-background stk--no-padding\"><article><h3 class=\"stk-block-posts__title\"><a href='https:\/\/www.3emerive.fr\/?p=410'>Les \u00e9l\u00e8ves de la Loge Blanche contents de leurs masques made in 3\u00e8me Rive<\/a><\/h3><a href=\"https:\/\/www.3emerive.fr\/?p=410\" class=\"stk-block-posts__image-link\"><\/a><div class=\"stk-block-posts__excerpt\"><p>Tous leurs remerciements<\/p>\n<\/div><a class=\"stk-block-posts__readmore\" href=\"https:\/\/www.3emerive.fr\/?p=410\">Continuer \u00e0 lire<\/a><\/article><\/div><\/div><div class=\"stk-block-posts__item\"><div class=\"stk-container stk-a550bdc-container stk--no-background stk--no-padding\"><article><h3 class=\"stk-block-posts__title\"><a href='https:\/\/www.3emerive.fr\/?p=408'>Nous, les femmes<\/a><\/h3><a href=\"https:\/\/www.3emerive.fr\/?p=408\" class=\"stk-block-posts__image-link\"><\/a><div class=\"stk-block-posts__excerpt\"><p>Lundi 30 novembre 18h30 &#8211; 20h en visio Groupe de paroles avec \u00c9lodie C\u2019est un groupe de paroles et d\u2019\u00e9coutes libres autour des femmes que l\u2019on a \u00e9t\u00e9, que l\u2019on est et que l\u2019on veut \u00eatre. C\u2019est un temps pour soi. C\u2019est le lieu d\u2019expression de sujets que l\u2019on n\u2019aborde pas [facilement] avec la famille\u2026<\/p>\n<\/div><a class=\"stk-block-posts__readmore\" href=\"https:\/\/www.3emerive.fr\/?p=408\">Continuer \u00e0 lire<\/a><\/article><\/div><\/div><div class=\"stk-block-posts__item\"><div class=\"stk-container stk-a550bdc-container stk--no-background stk--no-padding\"><article><h3 class=\"stk-block-posts__title\"><a href='https:\/\/www.3emerive.fr\/?p=406'>Tour du Monde des Solidarit\u00e9s<\/a><\/h3><a href=\"https:\/\/www.3emerive.fr\/?p=406\" class=\"stk-block-posts__image-link\"><\/a><div class=\"stk-block-posts__excerpt\"><p>Les lundis de novembre en visio, par le CCFD Terre Solidaire Profitons de ce 2\u00e8me confinement pour mieux conna\u00eetre les actions men\u00e9es par les partenaires du CCFD terre solidaire. Rendez-vous chaque lundi de novembre, de 16h00 \u00e0 17h30 pour une \u00e9tape en webinaire du Tour du Monde des Solidarit\u00e9s. Lundi 09 novembre : Inde Lundi\u2026<\/p>\n<\/div><a class=\"stk-block-posts__readmore\" href=\"https:\/\/www.3emerive.fr\/?p=406\">Continuer \u00e0 lire<\/a><\/article><\/div><\/div><div class=\"stk-block-posts__item\"><div class=\"stk-container stk-a550bdc-container stk--no-background stk--no-padding\"><article><h3 class=\"stk-block-posts__title\"><a href='https:\/\/www.3emerive.fr\/?p=403'>Vers un nouveau mode de consommation avec Locappy Vosges<\/a><\/h3><a href=\"https:\/\/www.3emerive.fr\/?p=403\" class=\"stk-block-posts__image-link\"><\/a><div class=\"stk-block-posts__excerpt\"><p>https:\/\/locappy.fr\/ Locappy Vosges, c\u2019est la nouvelle plateforme solidaire d\u00e9velopp\u00e9e au coeur des Vosges. Elle permet de mettre en relation les habitants avec les commer\u00e7ants et producteurs vosgiens qui disposent chacun de leur petite boutique digitale pour r\u00e9pertorier leurs produits et faciliter la prise de commande \u00e0 distance. En utilisant Locappy Vosges, vous favorisez le circuit\u2026<\/p>\n<\/div><a class=\"stk-block-posts__readmore\" href=\"https:\/\/www.3emerive.fr\/?p=403\">Continuer \u00e0 lire<\/a><\/article><\/div><\/div><div class=\"stk-block-posts__item\"><div class=\"stk-container stk-a550bdc-container stk--no-background stk--no-padding\"><article><h3 class=\"stk-block-posts__title\"><a href='https:\/\/www.3emerive.fr\/?p=401'>Appel \u00e0 bonnes volont\u00e9s avant fermeture temporaire<\/a><\/h3><a href=\"https:\/\/www.3emerive.fr\/?p=401\" class=\"stk-block-posts__image-link\"><\/a><div class=\"stk-block-posts__excerpt\"><p>Nettoyage ce jeudi 29 octobre \u00e0 partir de 17h30 Vous vous en doutez, le caf\u00e9 associatif ne coupera pas aux nouvelles mesures nationales annonc\u00e9es hier : les belles animations de ce vendredi et samedi n\u2019auront pas lieu, nous serons ferm\u00e9s d\u00e8s vendredi 30 octobre et \u00e0 minima jusqu\u2019au 1er d\u00e9cembre. Avant, nous lan\u00e7ons un appel\u2026<\/p>\n<\/div><a class=\"stk-block-posts__readmore\" href=\"https:\/\/www.3emerive.fr\/?p=401\">Continuer \u00e0 lire<\/a><\/article><\/div><\/div><div class=\"stk-block-posts__item\"><div class=\"stk-container stk-a550bdc-container stk--no-background stk--no-padding\"><article><h3 class=\"stk-block-posts__title\"><a href='https:\/\/www.3emerive.fr\/?p=399'>On parle en espagnol &#8211; hablamos en espa\u00f1ol<\/a><\/h3><a href=\"https:\/\/www.3emerive.fr\/?p=399\" class=\"stk-block-posts__image-link\"><\/a><div class=\"stk-block-posts__excerpt\"><p>Samedi 24 octobre de 15h \u00e0 17h<\/p>\n<\/div><a class=\"stk-block-posts__readmore\" href=\"https:\/\/www.3emerive.fr\/?p=399\">Continuer \u00e0 lire<\/a><\/article><\/div><\/div><div class=\"stk-block-posts__item\"><div class=\"stk-container stk-a550bdc-container stk--no-background stk--no-padding\"><article><h3 class=\"stk-block-posts__title\"><a href='https:\/\/www.3emerive.fr\/?p=397'>Inauguration tiers-lieu &quot;Ailleurs&quot;<\/a><\/h3><a href=\"https:\/\/www.3emerive.fr\/?p=397\" class=\"stk-block-posts__image-link\"><\/a><div class=\"stk-block-posts__excerpt\"><p>Samedi 17 et dimanche 18 octobre<\/p>\n<\/div><a class=\"stk-block-posts__readmore\" href=\"https:\/\/www.3emerive.fr\/?p=397\">Continuer \u00e0 lire<\/a><\/article><\/div><\/div><div class=\"stk-block-posts__item\"><div class=\"stk-container stk-a550bdc-container stk--no-background stk--no-padding\"><article><h3 class=\"stk-block-posts__title\"><a href='https:\/\/www.3emerive.fr\/?p=395'>Atelier : Les Sens Des Mots<\/a><\/h3><a href=\"https:\/\/www.3emerive.fr\/?p=395\" class=\"stk-block-posts__image-link\"><\/a><div class=\"stk-block-posts__excerpt\"><p>Samedi 10 octobre \u00e0 14h30 Avec B\u00e9atrice et Marjorie !<\/p>\n<\/div><a class=\"stk-block-posts__readmore\" href=\"https:\/\/www.3emerive.fr\/?p=395\">Continuer \u00e0 lire<\/a><\/article><\/div><\/div><div class=\"stk-block-posts__item\"><div class=\"stk-container stk-a550bdc-container stk--no-background stk--no-padding\"><article><h3 class=\"stk-block-posts__title\"><a href='https:\/\/www.3emerive.fr\/?p=393'>Assembl\u00e9e g\u00e9n\u00e9rale des Petits D\u00e9brouillards Grand Est<\/a><\/h3><a href=\"https:\/\/www.3emerive.fr\/?p=393\" class=\"stk-block-posts__image-link\"><\/a><div class=\"stk-block-posts__excerpt\"><p>Samedi 10 octobre \u00e0 15h<\/p>\n<\/div><a class=\"stk-block-posts__readmore\" href=\"https:\/\/www.3emerive.fr\/?p=393\">Continuer \u00e0 lire<\/a><\/article><\/div><\/div><div class=\"stk-block-posts__item\"><div class=\"stk-container stk-a550bdc-container stk--no-background stk--no-padding\"><article><h3 class=\"stk-block-posts__title\"><a href='https:\/\/www.3emerive.fr\/?p=389'>Le Burn Out, c&#039;est quoi ?<\/a><\/h3><a href=\"https:\/\/www.3emerive.fr\/?p=389\" class=\"stk-block-posts__image-link\"><\/a><div class=\"stk-block-posts__excerpt\"><p>Lundi 28 septembre &#8211; 18 h Conf\u00e9rence sur la pr\u00e9vention du burn out. Tout public. Informations au : 07 88 07 25 71 Association Ralentir Pour Vivre Intervenante Catherine Spitz Licenci\u00e9e Formation d\u2019Adulte D\u2019apr\u00e8s une \u00e9tude r\u00e9alis\u00e9e par le Dr Armande Co\u00ebffic Psychiatre<\/p>\n<\/div><a class=\"stk-block-posts__readmore\" href=\"https:\/\/www.3emerive.fr\/?p=389\">Continuer \u00e0 lire<\/a><\/article><\/div><\/div><div class=\"stk-block-posts__item\"><div class=\"stk-container stk-a550bdc-container stk--no-background stk--no-padding\"><article><h3 class=\"stk-block-posts__title\"><a href='https:\/\/www.3emerive.fr\/?p=387'>D\u00e9couverte Ailleurs &#8211; Journ\u00e9e du patrimoine<\/a><\/h3><a href=\"https:\/\/www.3emerive.fr\/?p=387\" class=\"stk-block-posts__image-link\"><\/a><div class=\"stk-block-posts__excerpt\"><p>Le 20 septembre de 10h \u00e0 17h Tiers-lieu \u00ab AILLEURS \u00bb : Ce nouvel espace, situ\u00e9 entre la Place des Quatre Nations et la Roseraie, est cog\u00e9r\u00e9 par cinq associations : 3 e Rive (caf\u00e9 associatif), Les Petits D\u00e9brouillards Grand Est (\u00c9ducation populaire), CCFD Terre Solidaire (Comit\u00e9 Catholique Contre la Faim et pour le D\u00e9veloppement),\u2026<\/p>\n<\/div><a class=\"stk-block-posts__readmore\" href=\"https:\/\/www.3emerive.fr\/?p=387\">Continuer \u00e0 lire<\/a><\/article><\/div><\/div><div class=\"stk-block-posts__item\"><div class=\"stk-container stk-a550bdc-container stk--no-background stk--no-padding\"><article><h3 class=\"stk-block-posts__title\"><a href='https:\/\/www.3emerive.fr\/?p=384'>Expo &#8211; Les Harkis et leur famille<\/a><\/h3><a href=\"https:\/\/www.3emerive.fr\/?p=384\" class=\"stk-block-posts__image-link\"><\/a><div class=\"stk-block-posts__excerpt\"><p>Horaires de visite de l\u2019exposition : Lundi : 14h \u00e0 18h Mercredi : 14h \u00e0 18h Vendredi : 14h \u00e0 18h Samedi : 14h \u00e0 18H. Samedi 12 septembre 2020 \u00e0 partir de 14 h Informations G\u00e9n\u00e9rales sur la situation actuelle des Harkis et leurs enfants pr\u00e9sent\u00e9e par : Mr Mohamed DJAFOUR Pr\u00e9sident de L\u2019association\u2026<\/p>\n<\/div><a class=\"stk-block-posts__readmore\" href=\"https:\/\/www.3emerive.fr\/?p=384\">Continuer \u00e0 lire<\/a><\/article><\/div><\/div><div class=\"stk-block-posts__item\"><div class=\"stk-container stk-a550bdc-container stk--no-background stk--no-padding\"><article><h3 class=\"stk-block-posts__title\"><a href='https:\/\/www.3emerive.fr\/?p=382'>Assembl\u00e9e G\u00e9n\u00e9rale<\/a><\/h3><a href=\"https:\/\/www.3emerive.fr\/?p=382\" class=\"stk-block-posts__image-link\"><\/a><div class=\"stk-block-posts__excerpt\"><p>Samedi 29 ao\u00fbt 2020 3\u00e8me Rive, caf\u00e9 associatif d\u2019\u00c9pinal, a l\u2019honneur de vous inviter \u00e0 sonASSEMBL\u00c9E G\u00c9N\u00c9RALEle samedi 29 ao\u00fbt 2020 \u00e0 partir de 15h15, rue du Mar\u00e9chal Lyautey \u2013 Tiers-lieu \u201cAilleurs\u201d \u2013 88000 \u00c9PINAL Pour commencer, un grand merci \u00e0 vous de nous soutenir et de manifester votre int\u00e9r\u00eat \u00e0 3\u00e8me Rive ! Ordre\u2026<\/p>\n<\/div><a class=\"stk-block-posts__readmore\" href=\"https:\/\/www.3emerive.fr\/?p=382\">Continuer \u00e0 lire<\/a><\/article><\/div><\/div><div class=\"stk-block-posts__item\"><div class=\"stk-container stk-a550bdc-container stk--no-background stk--no-padding\"><article><h3 class=\"stk-block-posts__title\"><a href='https:\/\/www.3emerive.fr\/?p=380'>Conf\u00e9rence &quot;le burn out, c&#039;est quoi ?&quot;<\/a><\/h3><a href=\"https:\/\/www.3emerive.fr\/?p=380\" class=\"stk-block-posts__image-link\"><\/a><div class=\"stk-block-posts__excerpt\"><p>Lundi 17 ao\u00fbt \u00e0 18 heures<\/p>\n<\/div><a class=\"stk-block-posts__readmore\" href=\"https:\/\/www.3emerive.fr\/?p=380\">Continuer \u00e0 lire<\/a><\/article><\/div><\/div><div class=\"stk-block-posts__item\"><div class=\"stk-container stk-a550bdc-container stk--no-background stk--no-padding\"><article><h3 class=\"stk-block-posts__title\"><a href='https:\/\/www.3emerive.fr\/?p=377'>Atelier D\u00e9co<\/a><\/h3><a href=\"https:\/\/www.3emerive.fr\/?p=377\" class=\"stk-block-posts__image-link\"><\/a><div class=\"stk-block-posts__excerpt\"><p>Samedi 8 ao\u00fbt \u00e0 partir de 14 h Atelier d\u00e9co Venez avec vos id\u00e9es<\/p>\n<\/div><a class=\"stk-block-posts__readmore\" href=\"https:\/\/www.3emerive.fr\/?p=377\">Continuer \u00e0 lire<\/a><\/article><\/div><\/div><div class=\"stk-block-posts__item\"><div class=\"stk-container stk-a550bdc-container stk--no-background stk--no-padding\"><article><h3 class=\"stk-block-posts__title\"><a href='https:\/\/www.3emerive.fr\/?p=375'>Venez voir &quot;ailleurs&quot; c&#039;est ouvert<\/a><\/h3><a href=\"https:\/\/www.3emerive.fr\/?p=375\" class=\"stk-block-posts__image-link\"><\/a><div class=\"stk-block-posts__excerpt\"><p>La nouvelle tant attendue est enfin arriv\u00e9e : ce lieu tout nouveau, nomm\u00e9 \u00ab AILLEURS \u00bb est officiellement ouvert ! Hip hip hip hourra !!! Les locaux du 15 rue Mar\u00e9chal Lyautey sont d\u00e9sormais \u00e0 votre disposition. Petit rappel, le collectif en charge de cog\u00e9rer et coanimer ce lieu est compos\u00e9 de 3\u00e8me Rive caf\u00e9\u2026<\/p>\n<\/div><a class=\"stk-block-posts__readmore\" href=\"https:\/\/www.3emerive.fr\/?p=375\">Continuer \u00e0 lire<\/a><\/article><\/div><\/div><div class=\"stk-block-posts__item\"><div class=\"stk-container stk-a550bdc-container stk--no-background stk--no-padding\"><article><h3 class=\"stk-block-posts__title\"><a href='https:\/\/www.3emerive.fr\/?p=373'>Le point sur l&#039;op\u00e9ration masques<\/a><\/h3><a href=\"https:\/\/www.3emerive.fr\/?p=373\" class=\"stk-block-posts__image-link\"><\/a><div class=\"stk-block-posts__excerpt\"><p>Depuis mi-avril, 3\u00e8me Rive est \u00e0 l\u2019origine d\u2019un atelier de confection de masques de tr\u00e8s bonne qualit\u00e9 (Tissus homologu\u00e9s par la D.G.A.), \u00e0 destination prioritairement des personnes en difficult\u00e9. Une trentaine de b\u00e9n\u00e9voles de tous horizons, participent activement(organisation, d\u00e9coupe, couture, \u2026). L\u2019entreprise Maille Verte des Vosges nous a donn\u00e9 des tissus de tr\u00e8s hauts niveaux\u2026<\/p>\n<\/div><a class=\"stk-block-posts__readmore\" href=\"https:\/\/www.3emerive.fr\/?p=373\">Continuer \u00e0 lire<\/a><\/article><\/div><\/div><div class=\"stk-block-posts__item\"><div class=\"stk-container stk-a550bdc-container stk--no-background stk--no-padding\"><article><h3 class=\"stk-block-posts__title\"><a href='https:\/\/www.3emerive.fr\/?p=371'>Op\u00e9ration &quot;masques&quot; &#8211; Action Solidaire<\/a><\/h3><a href=\"https:\/\/www.3emerive.fr\/?p=371\" class=\"stk-block-posts__image-link\"><\/a><div class=\"stk-block-posts__excerpt\"><p>Bonjour \u00e0 toutes et tous, 3\u00b0 Rive vous esp\u00e8re en bonne sant\u00e9, ainsi que vos proches. Nous vous proposons de nous rejoindre pour un projet collectif, cr\u00e9atif et engag\u00e9. APPEL A BENEVOLES Vous souhaitez participer \u00e0 une action solidaire et responsable dans le cadre de la lutte contre le Covid-19 ? Gr\u00e2ce \u00e0 la g\u00e9n\u00e9rosit\u00e9\u2026<\/p>\n<\/div><a class=\"stk-block-posts__readmore\" href=\"https:\/\/www.3emerive.fr\/?p=371\">Continuer \u00e0 lire<\/a><\/article><\/div><\/div><div class=\"stk-block-posts__item\"><div class=\"stk-container stk-a550bdc-container stk--no-background stk--no-padding\"><article><h3 class=\"stk-block-posts__title\"><a href='https:\/\/www.3emerive.fr\/?p=368'>Rencontre avec les b\u00e9n\u00e9voles samedi 8 f\u00e9vrier 2020<\/a><\/h3><a href=\"https:\/\/www.3emerive.fr\/?p=368\" class=\"stk-block-posts__image-link\"><\/a><div class=\"stk-block-posts__excerpt\"><p>La date tant attendue arrive!! Oui, d\u2019ici un petit mois, notre caf\u00e9 associatif va int\u00e9grer ses nouveaux locaux, 15 rue du Mar\u00e9chal Lyautey, \u00e0 Epinal. En attendant, nous sommes \u00e0 la recherche de forces vives b\u00e9n\u00e9voles pour compl\u00e9ter notre petite \u00e9quipe. Vous avez envie de vous investir \u00e0 nos c\u00f4t\u00e9s, sous quelque forme que ce\u2026<\/p>\n<\/div><a class=\"stk-block-posts__readmore\" href=\"https:\/\/www.3emerive.fr\/?p=368\">Continuer \u00e0 lire<\/a><\/article><\/div><\/div><div class=\"stk-block-posts__item\"><div class=\"stk-container stk-a550bdc-container stk--no-background stk--no-padding\"><article><h3 class=\"stk-block-posts__title\"><a href='https:\/\/www.3emerive.fr\/?p=366'>Adh\u00e9sions et dons en ligne<\/a><\/h3><a href=\"https:\/\/www.3emerive.fr\/?p=366\" class=\"stk-block-posts__image-link\"><\/a><div class=\"stk-block-posts__excerpt\"><p>Vous souhaitez adh\u00e9rer \u00e0 3\u00e8me Rive ou soutenir l\u2019association ? Vous pouvez \u00e0 pr\u00e9sent le faire en ligne ! C\u2019est sur Hello-Asso que \u00e7a se passe. Merci pour votre soutien ! A bient\u00f4t<\/p>\n<\/div><a class=\"stk-block-posts__readmore\" href=\"https:\/\/www.3emerive.fr\/?p=366\">Continuer \u00e0 lire<\/a><\/article><\/div><\/div><\/div><div class=\"stk-inner-blocks\"><\/div><\/div><\/div>\n","protected":false},"excerpt":{"rendered":"<p>Bonnes f\u00eates de fin d&#039;ann\u00e9e ! ! ! Les b\u00e9n\u00e9voles de 3\u00e8me Rive vous souhaitent de bonnes f\u00eates ! Continuer \u00e0 lire Que se passe-t-il &quot;Ailleurs&quot; ? En visio, ou pas Demandez le programme ! https:\/\/nuage.epinal-en-transition.fr\/index.php\/s\/qaWBHpQRWPY9wTE Continuer \u00e0 lire Que se passe-t-il &quot;Ailleurs&quot; ? En visio, ou pas Demandez le programme ! https:\/\/nuage.epinal-en-transition.fr\/index.php\/s\/qaWBHpQRWPY9wTE Continuer \u00e0 [&hellip;]<\/p>\n","protected":false},"author":1,"featured_media":0,"parent":59,"menu_order":0,"comment_status":"closed","ping_status":"closed","template":"","meta":{"_themeisle_gutenberg_block_has_review":false,"footnotes":""},"class_list":["post-67","page","type-page","status-publish","hentry"],"blocksy_meta":{"styles_descriptor":{"styles":{"desktop":"","tablet":"","mobile":""},"google_fonts":[],"version":6}},"jetpack_sharing_enabled":true,"_links":{"self":[{"href":"https:\/\/www.3emerive.fr\/index.php?rest_route=\/wp\/v2\/pages\/67","targetHints":{"allow":["GET"]}}],"collection":[{"href":"https:\/\/www.3emerive.fr\/index.php?rest_route=\/wp\/v2\/pages"}],"about":[{"href":"https:\/\/www.3emerive.fr\/index.php?rest_route=\/wp\/v2\/types\/page"}],"author":[{"embeddable":true,"href":"https:\/\/www.3emerive.fr\/index.php?rest_route=\/wp\/v2\/users\/1"}],"replies":[{"embeddable":true,"href":"https:\/\/www.3emerive.fr\/index.php?rest_route=%2Fwp%2Fv2%2Fcomments&post=67"}],"version-history":[{"count":2,"href":"https:\/\/www.3emerive.fr\/index.php?rest_route=\/wp\/v2\/pages\/67\/revisions"}],"predecessor-version":[{"id":392,"href":"https:\/\/www.3emerive.fr\/index.php?rest_route=\/wp\/v2\/pages\/67\/revisions\/392"}],"up":[{"embeddable":true,"href":"https:\/\/www.3emerive.fr\/index.php?rest_route=\/wp\/v2\/pages\/59"}],"wp:attachment":[{"href":"https:\/\/www.3emerive.fr\/index.php?rest_route=%2Fwp%2Fv2%2Fmedia&parent=67"}],"curies":[{"name":"wp","href":"https:\/\/api.w.org\/{rel}","templated":true}]}}